{"id":1039,"date":"2023-08-31T15:59:50","date_gmt":"2023-08-31T13:59:50","guid":{"rendered":"https:\/\/textraplus.eu\/datenschutz\/"},"modified":"2023-09-11T15:30:12","modified_gmt":"2023-09-11T13:30:12","slug":"datenschutz","status":"publish","type":"page","link":"https:\/\/textraplus.eu\/it\/datenschutz\/","title":{"rendered":"Dichiarazione sulla protezione dei dati"},"content":{"rendered":"[vc_row type=&#8221;in_container&#8221; full_screen_row_position=&#8221;middle&#8221; scene_position=&#8221;center&#8221; text_color=&#8221;dark&#8221; text_align=&#8221;left&#8221; overlay_strength=&#8221;0.3&#8243; shape_divider_position=&#8221;bottom&#8221; bg_image_animation=&#8221;none&#8221;][vc_column column_padding=&#8221;no-extra-padding&#8221; column_padding_position=&#8221;all&#8221; background_color_opacity=&#8221;1&#8243; background_hover_color_opacity=&#8221;1&#8243; column_link_target=&#8221;_self&#8221; column_shadow=&#8221;none&#8221; column_border_radius=&#8221;none&#8221; width=&#8221;1\/1&#8243; tablet_width_inherit=&#8221;default&#8221; tablet_text_alignment=&#8221;default&#8221; phone_text_alignment=&#8221;default&#8221; column_border_width=&#8221;none&#8221; column_border_style=&#8221;solid&#8221; bg_image_animation=&#8221;none&#8221;][vc_column_text]<strong>Chi siamo?<\/strong><\/p>\n<p>Il presente sito web appartiene a TEXTRAPLUS AG. La dichiarazione sulla protezione dei dati informa in merito al trattamento dei dati personali da parte nostra in relazione ad esso.<\/p>\n<p>Trovano applicazione la legge svizzera sulla protezione dei dati nonch\u00e9 le normative estere eventualmente applicabili, quali ad esempio il Regolamento generale sulla protezione dei dati (RGPD) dell\u2019Unione Europea (UE). L\u2019UE riconosce l\u2019efficacia della legge svizzera nel garantire un\u2019adeguata protezione dei dati.<\/p>\n<p>&nbsp;<\/p>\n<p><strong>Trattamento di dati personali<\/strong><\/p>\n<p>Per dati personali si intendono tutte le informazioni concernenti una persona identificata o identificabile. Si definisce persona interessata colui o colei i cui dati personali sono oggetto di trattamento. Per trattamento si intende qualsiasi operazione relativa a dati personali, indipendentemente dai mezzi e dalle procedure impiegati, segnatamente la conservazione, la comunicazione, la raccolta, la cancellazione, la registrazione, la modificazione, la distruzione e l\u2019utilizzazione.<\/p>\n<p>Trattiamo esclusivamente i dati personali necessari per fornire i nostri servizi in maniera efficiente e orientata all\u2019utente e per garantire nel tempo l\u2019affidabilit\u00e0 dei servizi stessi. Il trattamento dei dati personali avviene in linea di massima solo previo consenso da parte della persona interessata, salvo che il trattamento sia consentito per altri motivi, ad esempio per l\u2019esecuzione di un contratto con la persona interessata e per le corrispondenti misure precontrattuali, per tutelare i nostri legittimi interessi preponderanti, nonch\u00e9 qualora il trattamento si renda necessario per palesi circostanze o previa informazione. In questo contesto trattiamo in particolare le informazioni che la persona interessata trasmette entrando in contatto con noi, ad es. tramite lettera, e-mail, modulo di contatto o telefono.<\/p>\n<p>Trattiamo i dati personali per un arco temporale necessario allo scopo o agli scopi previsti. Laddove per ragioni legali o in forza di altri doveri ai quali siamo soggetti si applichino obblighi di conservazione pi\u00f9 estesi, limitiamo di conseguenza il trattamento dei dati.<\/p>\n<p>&nbsp;<\/p>\n<p><strong>Basi giuridiche per il trattamento dei dati personali<\/strong><\/p>\n<p>Trattiamo i dati personali nel rispetto della legislazione svizzera applicabile e in particolare della legge federale sulla protezione dei dati (LPD).<\/p>\n<p>Nella misura in cui l\u2019RGPD \u00e8 applicabile, trattiamo i dati personali sulle basi giuridiche seguenti:<\/p>\n<ul>\n<li>6 cpv.\u00a01 lett.\u00a0a RGPD per il trattamento di dati personali previo consenso della persona interessata.<\/li>\n<li>6 cpv.\u00a01 lett.\u00a0b RGPD per il trattamento necessario dei dati personali per l\u2019esecuzione di un contratto con la persona interessata nonch\u00e9 per l\u2019esecuzione delle misure precontrattuali.<\/li>\n<li>6 cpv.\u00a01 lett.\u00a0c RGDP per il trattamento necessario dei dati personali ai fini dell\u2019adempimento di un obbligo legale al quale siamo soggetti in virt\u00f9 di un diritto comunitario o estero applicabile nel quale vige in tutto o in parte l\u2019RGPD.<\/li>\n<li>6 cpv.\u00a01 lett.\u00a0d RGPD per il trattamento necessario dei dati personali per la salvaguardia degli interessi vitali della persona interessata o di un\u2019altra persona fisica.<\/li>\n<li>6 cpv.\u00a01 lett.\u00a0f RGPD per il trattamento necessario dei dati personali per il perseguimento del nostro legittimo interesse o quello di terzi, a condizione che non prevalgano gli interessi o i diritti e le libert\u00e0 fondamentali della persona interessata. Si considerano interessi legittimi il nostro interesse aziendale ad allestire un\u2019offerta e rendere nota la stessa, la protezione delle informazioni e contro gli abusi o gli usi non consentiti, l\u2019esercizio dei nostri diritti e il rispetto della legislazione svizzera.<\/li>\n<\/ul>\n<p>&nbsp;<\/p>\n<p><strong>Cookie e file di log<\/strong><\/p>\n<p>Per ogni visita sul nostro sito vengono rilevati i seguenti dati, qualora gli stessi vengano trasmessi dal vostro browser alla nostra infrastruttura di server, e archiviati in file di log:<\/p>\n<ul>\n<li>data e ora, incluso il fuso orario<\/li>\n<li>indirizzo IP (protocollo internet)<\/li>\n<li>stato di accesso (codice di stato HTTP)<\/li>\n<li>sistema operativo inclusa interfaccia utente e versione<\/li>\n<li>browser incluse lingua e versione<\/li>\n<li>singole pagine visitate e quantit\u00e0 di dati trasferita<\/li>\n<li>ultima pagina web visitata<\/li>\n<\/ul>\n<p>Queste informazioni possono costituire dati personali. Esse sono necessarie per consentirci di proporre un\u2019offerta sicura ed affidabile nel tempo nonch\u00e9 per garantire la sicurezza dei dati e in particolare la protezione dei dati personali, anche tramite o con l\u2019ausilio di terzi.<\/p>\n<p>Sul nostro sito web utilizziamo i cookie. I cookie, inclusi quelli di terze parti dei cui servizi ci avvaliamo (third-party cookie) sono dei file di testo che vengono memorizzati nel browser dell\u2019utente. Visitando il nostro sito \u00e8 possibile che questi cookie vengano memorizzati nel vostro browser. Nella fattispecie, i cookie consentono al vostro browser di riconoscere il nostro sito web quando tornate a visitarlo. I cookie non possono eseguire dei programmi n\u00e9 veicolare malware come trojan o virus. I cookie sono necessari per garantire che la nostra offerta, incluso il nostro sito web, sia efficiente, orientata all\u2019utente, sicura e affidabile nel tempo, e ci\u00f2 in particolare grazie all\u2019analisi dei dati d\u2019utilizzo al fine di provvedere alla risoluzione dei problemi e a delle migliorie.<\/p>\n<p>Potete sempre disattivare o cancellare in tutto o in parte i cookie nelle impostazioni del vostro browser. Senza i cookie, la nostra offerta potrebbe non essere pi\u00f9 fruibile nella sua totalit\u00e0.<\/p>\n<p>&nbsp;<\/p>\n<p><strong>Diritti delle persone interessate<\/strong><\/p>\n<p>Le persone interessate di cui trattiamo i dati personali dispongono dei diritti previsti dalla legislazione svizzera in materia di protezione dei dati. Fra di essi figurano il diritto d\u2019accesso e quello alla rettifica, cancellazione e blocco dei propri dati personali.<\/p>\n<p>Le persone interessate di cui trattiamo i dati, nel caso e nella misura in cui trovi applicazione l\u2019RGPD, hanno diritto a richiedere una conferma gratuita in merito al trattamento dei loro dati personali da parte nostra e qualora esso abbia luogo a richiedere informazioni sulle relative modalit\u00e0, a limitarne l\u2019estensione, a esercitare il proprio diritto alla portabilit\u00e0 dei dati personali nonch\u00e9 a esigerne la rettifica, la cancellazione (\u00abdiritto all\u2019oblio\u00bb) o il blocco.<\/p>\n<p>Le persone interessate di cui trattiamo i dati personali, nel caso e nella misura in cui l\u2019RGPD trovi applicazione, possono revocare in qualsiasi momento il loro consenso e opporsi al trattamento dei propri dati personali.<\/p>\n<p>Le persone interessate di cui trattiamo i dati personali dispongono del diritto di proporre reclamo all\u2019autorit\u00e0 di vigilanza. In Svizzera, l\u2019autorit\u00e0 di vigilanza per la protezione dei dati \u00e8 l\u2019Incaricato federale della protezione dei dati e della trasparenza (IFPDT).<\/p>\n<p>Su base volontaria, riconosciamo anche in Svizzera i suddetti diritti spettanti alle persone interessate ai sensi dell\u2019RGPD.<\/p>\n<p>&nbsp;<\/p>\n<p><strong>Contatti<\/strong><\/p>\n<p>Per richieste da parte delle autorit\u00e0 di vigilanza e di persone interessate \u00e8 possibile contattarci sia tramite e-mail che per via postale.<\/p>\n<p><strong>TEXTRAPLUS AG<\/strong><br \/>\nChurerstrasse 16<br \/>\n8808 Pf\u00e4ffikon SZ<\/p>\n<p>E-mail info@textraplus.ch<\/p>\n<p>Sito web: textraplus.ch<\/p>\n<p>&nbsp;<\/p>\n<p><strong>Modifiche<\/strong><\/p>\n<p>Con riserva di modifiche senza preavviso della presente dichiarazione sulla protezione dei dati. Fa fede la versione aggiornata pubblicata sul nostro sito web.<\/p>\n<p>&nbsp;<\/p>\n<p><strong>Domande all\u2019incaricato della protezione dei dati<\/strong><\/p>\n<p>In caso di domande concernenti la protezione dei dati, si prega di contattarci tramite e-mail.[\/vc_column_text][\/vc_column][\/vc_row]\n","protected":false},"excerpt":{"rendered":"<p>[vc_row type=&#8221;in_container&#8221; full_screen_row_position=&#8221;middle&#8221; scene_position=&#8221;center&#8221; text_color=&#8221;dark&#8221; text_align=&#8221;left&#8221; overlay_strength=&#8221;0.3&#8243; shape_divider_position=&#8221;bottom&#8221; bg_image_animation=&#8221;none&#8221;][vc_column column_padding=&#8221;no-extra-padding&#8221; column_padding_position=&#8221;all&#8221; background_color_opacity=&#8221;1&#8243; background_hover_color_opacity=&#8221;1&#8243; column_link_target=&#8221;_self&#8221; column_shadow=&#8221;none&#8221; column_border_radius=&#8221;none&#8221; width=&#8221;1\/1&#8243; tablet_width_inherit=&#8221;default&#8221; tablet_text_alignment=&#8221;default&#8221; phone_text_alignment=&#8221;default&#8221; column_border_width=&#8221;none&#8221; column_border_style=&#8221;solid&#8221; bg_image_animation=&#8221;none&#8221;][vc_column_text]Chi siamo? Il presente sito web appartiene a&#8230;<\/p>\n","protected":false},"author":6,"featured_media":0,"parent":0,"menu_order":0,"comment_status":"closed","ping_status":"closed","template":"","meta":{"footnotes":""},"class_list":["post-1039","page","type-page","status-publish"],"yoast_head":"<!-- This site is optimized with the Yoast SEO plugin v24.3 - https:\/\/yoast.com\/wordpress\/plugins\/seo\/ -->\n<title>Dichiarazione sulla protezione dei dati - TEXTRAPLUS AG \u00dcbersetzungen Translations Schweiz<\/title>\n<meta name=\"robots\" content=\"index, follow, max-snippet:-1, max-image-preview:large, max-video-preview:-1\" \/>\n<link rel=\"canonical\" href=\"https:\/\/textraplus.eu\/it\/datenschutz\/\" \/>\n<meta property=\"og:locale\" content=\"it_IT\" \/>\n<meta property=\"og:type\" content=\"article\" \/>\n<meta property=\"og:title\" content=\"Dichiarazione sulla protezione dei dati - TEXTRAPLUS AG \u00dcbersetzungen Translations Schweiz\" \/>\n<meta property=\"og:description\" content=\"[vc_row type=&#8221;in_container&#8221; full_screen_row_position=&#8221;middle&#8221; scene_position=&#8221;center&#8221; text_color=&#8221;dark&#8221; text_align=&#8221;left&#8221; overlay_strength=&#8221;0.3&#8243; shape_divider_position=&#8221;bottom&#8221; bg_image_animation=&#8221;none&#8221;][vc_column column_padding=&#8221;no-extra-padding&#8221; column_padding_position=&#8221;all&#8221; background_color_opacity=&#8221;1&#8243; background_hover_color_opacity=&#8221;1&#8243; column_link_target=&#8221;_self&#8221; column_shadow=&#8221;none&#8221; column_border_radius=&#8221;none&#8221; width=&#8221;1\/1&#8243; tablet_width_inherit=&#8221;default&#8221; tablet_text_alignment=&#8221;default&#8221; phone_text_alignment=&#8221;default&#8221; column_border_width=&#8221;none&#8221; column_border_style=&#8221;solid&#8221; bg_image_animation=&#8221;none&#8221;][vc_column_text]Chi siamo? Il presente sito web appartiene a...\" \/>\n<meta property=\"og:url\" content=\"https:\/\/textraplus.eu\/it\/datenschutz\/\" \/>\n<meta property=\"og:site_name\" content=\"TEXTRAPLUS AG \u00dcbersetzungen Translations Schweiz\" \/>\n<meta property=\"article:modified_time\" content=\"2023-09-11T13:30:12+00:00\" \/>\n<meta name=\"twitter:card\" content=\"summary_large_image\" \/>\n<meta name=\"twitter:label1\" content=\"Tempo di lettura stimato\" \/>\n\t<meta name=\"twitter:data1\" content=\"7 minuti\" \/>\n<script type=\"application\/ld+json\" class=\"yoast-schema-graph\">{\"@context\":\"https:\/\/schema.org\",\"@graph\":[{\"@type\":\"WebPage\",\"@id\":\"https:\/\/textraplus.eu\/it\/datenschutz\/\",\"url\":\"https:\/\/textraplus.eu\/it\/datenschutz\/\",\"name\":\"Dichiarazione sulla protezione dei dati - TEXTRAPLUS AG \u00dcbersetzungen Translations Schweiz\",\"isPartOf\":{\"@id\":\"https:\/\/textraplus.eu\/#website\"},\"datePublished\":\"2023-08-31T13:59:50+00:00\",\"dateModified\":\"2023-09-11T13:30:12+00:00\",\"breadcrumb\":{\"@id\":\"https:\/\/textraplus.eu\/it\/datenschutz\/#breadcrumb\"},\"inLanguage\":\"it-IT\",\"potentialAction\":[{\"@type\":\"ReadAction\",\"target\":[\"https:\/\/textraplus.eu\/it\/datenschutz\/\"]}]},{\"@type\":\"BreadcrumbList\",\"@id\":\"https:\/\/textraplus.eu\/it\/datenschutz\/#breadcrumb\",\"itemListElement\":[{\"@type\":\"ListItem\",\"position\":1,\"name\":\"Startseite\",\"item\":\"https:\/\/textraplus.eu\/it\/\"},{\"@type\":\"ListItem\",\"position\":2,\"name\":\"Dichiarazione sulla protezione dei dati\"}]},{\"@type\":\"WebSite\",\"@id\":\"https:\/\/textraplus.eu\/#website\",\"url\":\"https:\/\/textraplus.eu\/\",\"name\":\"TEXTRAPLUS AG \u00dcbersetzungen Translations Schweiz\",\"description\":\"\u00dcbersetzungsb\u00fcro f\u00fcr Wirtschaft und Marketing\",\"potentialAction\":[{\"@type\":\"SearchAction\",\"target\":{\"@type\":\"EntryPoint\",\"urlTemplate\":\"https:\/\/textraplus.eu\/?s={search_term_string}\"},\"query-input\":{\"@type\":\"PropertyValueSpecification\",\"valueRequired\":true,\"valueName\":\"search_term_string\"}}],\"inLanguage\":\"it-IT\"}]}<\/script>\n<!-- \/ Yoast SEO plugin. -->","yoast_head_json":{"title":"Dichiarazione sulla protezione dei dati - TEXTRAPLUS AG \u00dcbersetzungen Translations Schweiz","robots":{"index":"index","follow":"follow","max-snippet":"max-snippet:-1","max-image-preview":"max-image-preview:large","max-video-preview":"max-video-preview:-1"},"canonical":"https:\/\/textraplus.eu\/it\/datenschutz\/","og_locale":"it_IT","og_type":"article","og_title":"Dichiarazione sulla protezione dei dati - TEXTRAPLUS AG \u00dcbersetzungen Translations Schweiz","og_description":"[vc_row type=&#8221;in_container&#8221; full_screen_row_position=&#8221;middle&#8221; scene_position=&#8221;center&#8221; text_color=&#8221;dark&#8221; text_align=&#8221;left&#8221; overlay_strength=&#8221;0.3&#8243; shape_divider_position=&#8221;bottom&#8221; bg_image_animation=&#8221;none&#8221;][vc_column column_padding=&#8221;no-extra-padding&#8221; column_padding_position=&#8221;all&#8221; background_color_opacity=&#8221;1&#8243; background_hover_color_opacity=&#8221;1&#8243; column_link_target=&#8221;_self&#8221; column_shadow=&#8221;none&#8221; column_border_radius=&#8221;none&#8221; width=&#8221;1\/1&#8243; tablet_width_inherit=&#8221;default&#8221; tablet_text_alignment=&#8221;default&#8221; phone_text_alignment=&#8221;default&#8221; column_border_width=&#8221;none&#8221; column_border_style=&#8221;solid&#8221; bg_image_animation=&#8221;none&#8221;][vc_column_text]Chi siamo? Il presente sito web appartiene a...","og_url":"https:\/\/textraplus.eu\/it\/datenschutz\/","og_site_name":"TEXTRAPLUS AG \u00dcbersetzungen Translations Schweiz","article_modified_time":"2023-09-11T13:30:12+00:00","twitter_card":"summary_large_image","twitter_misc":{"Tempo di lettura stimato":"7 minuti"},"schema":{"@context":"https:\/\/schema.org","@graph":[{"@type":"WebPage","@id":"https:\/\/textraplus.eu\/it\/datenschutz\/","url":"https:\/\/textraplus.eu\/it\/datenschutz\/","name":"Dichiarazione sulla protezione dei dati - TEXTRAPLUS AG \u00dcbersetzungen Translations Schweiz","isPartOf":{"@id":"https:\/\/textraplus.eu\/#website"},"datePublished":"2023-08-31T13:59:50+00:00","dateModified":"2023-09-11T13:30:12+00:00","breadcrumb":{"@id":"https:\/\/textraplus.eu\/it\/datenschutz\/#breadcrumb"},"inLanguage":"it-IT","potentialAction":[{"@type":"ReadAction","target":["https:\/\/textraplus.eu\/it\/datenschutz\/"]}]},{"@type":"BreadcrumbList","@id":"https:\/\/textraplus.eu\/it\/datenschutz\/#breadcrumb","itemListElement":[{"@type":"ListItem","position":1,"name":"Startseite","item":"https:\/\/textraplus.eu\/it\/"},{"@type":"ListItem","position":2,"name":"Dichiarazione sulla protezione dei dati"}]},{"@type":"WebSite","@id":"https:\/\/textraplus.eu\/#website","url":"https:\/\/textraplus.eu\/","name":"TEXTRAPLUS AG \u00dcbersetzungen Translations Schweiz","description":"\u00dcbersetzungsb\u00fcro f\u00fcr Wirtschaft und Marketing","potentialAction":[{"@type":"SearchAction","target":{"@type":"EntryPoint","urlTemplate":"https:\/\/textraplus.eu\/?s={search_term_string}"},"query-input":{"@type":"PropertyValueSpecification","valueRequired":true,"valueName":"search_term_string"}}],"inLanguage":"it-IT"}]}},"_links":{"self":[{"href":"https:\/\/textraplus.eu\/it\/wp-json\/wp\/v2\/pages\/1039\/"}],"collection":[{"href":"https:\/\/textraplus.eu\/it\/wp-json\/wp\/v2\/pages\/"}],"about":[{"href":"https:\/\/textraplus.eu\/it\/wp-json\/wp\/v2\/types\/page\/"}],"author":[{"embeddable":true,"href":"https:\/\/textraplus.eu\/it\/wp-json\/wp\/v2\/users\/6\/"}],"replies":[{"embeddable":true,"href":"https:\/\/textraplus.eu\/it\/wp-json\/wp\/v2\/comments\/?post=1039"}],"version-history":[{"count":4,"href":"https:\/\/textraplus.eu\/it\/wp-json\/wp\/v2\/pages\/1039\/revisions\/"}],"predecessor-version":[{"id":1049,"href":"https:\/\/textraplus.eu\/it\/wp-json\/wp\/v2\/pages\/1039\/revisions\/1049\/"}],"wp:attachment":[{"href":"https:\/\/textraplus.eu\/it\/wp-json\/wp\/v2\/media\/?parent=1039"}],"curies":[{"name":"wp","href":"https:\/\/api.w.org\/{rel}","templated":true}]}}